{"id":603,"date":"2019-03-04T16:10:31","date_gmt":"2019-03-04T15:10:31","guid":{"rendered":"https:\/\/parkofideas.com\/foodz\/demo1\/?page_id=3"},"modified":"2026-03-02T15:50:59","modified_gmt":"2026-03-02T14:50:59","slug":"privacy-policy","status":"publish","type":"page","link":"https:\/\/testarentsorrento.it\/it\/privacy-policy\/","title":{"rendered":"Privacy Policy"},"content":{"rendered":"<p class=\"wp-block-paragraph\">ANNEX 2 &#8211; INFORMATION PURSUANT TO ARTS. 12 AND 13 OF THE GENERAL REGULATION ON THE PROTECTION OF PERSONAL DATA EU 2016\/679<\/p>\n\n\n\n<p class=\"wp-block-paragraph\">Ai sensi degli artt. 12 e 13 del Regolamento generale sulla protezione dei dati personali UE 2016\/679, in relazione ai dati personali di cui si entrer\u00e0 in possesso a seguito\ndella stipula del contratto, La informiamo di quanto segue:<\/p>\n\n\n\n<h2 class=\"wp-block-heading\">1. Titolare del trattamento.<\/h2>\n\n\n\n<p class=\"wp-block-paragraph\">Titolare del trattamento \u00e8 la Societ\u00e0 Testa family SRL  (P.iva 10858741217), con sede legale in Sorrento (NA), alla via S. Antonio, n. 8 e con sede operativa in corso italia 204, sorrento (NA) 80067.<\/p>\n\n\n\n<h2 class=\"wp-block-heading\">2. Finalit\u00e0 del trattamento dei dati.<\/h2>\n\n\n\n<p class=\"wp-block-paragraph\">Il trattamento \u00e8 finalizzato unicamente alla corretta e completa esecuzione del contratto.<\/p>\n\n\n\n<h2 class=\"wp-block-heading\">3. Modalit\u00e0 del trattamento dei dati.<\/h2>\n\n\n\n<p class=\"wp-block-paragraph\">Il trattamento pu\u00f2 essere svolto con o senza l'ausilio di strumenti elettronici o comunque automatizzati.<\/p>\n\n\n\n<p class=\"wp-block-paragraph\">Il trattamento \u00e8 svolto dal titolare, dai responsabili e\/o dagli incaricati del trattamento.<\/p>\n\n\n\n<h2 class=\"wp-block-heading\">4. Conferimento dei dati.<\/h2>\n\n\n\n<p class=\"wp-block-paragraph\">Il conferimento di dati personali comuni e sensibili \u00e8 strettamente necessario ai fini dello svolgimento delle attivit\u00e0 di cui al punto 1.<\/p>\n\n\n\n<h2 class=\"wp-block-heading\">5. Rifiuto di conferimento dei dati.<\/h2>\n\n\n\n<p class=\"wp-block-paragraph\">L'eventuale rifiuto da parte dell'interessato di conferire dati personali nel caso di cui al punto 3 comporta l'impossibilit\u00e0 di adempiere alle attivit\u00e0 di cui al punto 1.<\/p>\n\n\n\n<h2 class=\"wp-block-heading\">6. Comunicazione dei dati.<\/h2>\n\n\n\n<p class=\"wp-block-paragraph\">I dati personali possono venire a conoscenza degli incaricati del trattamento e possono essere comunicati per le finalit\u00e0 di cui al punto 1 a collaboratori esterni come<\/p>\n\n\n\n<p class=\"wp-block-paragraph\">stabilito nel contratto di prestazione di opera.<\/p>\n\n\n\n<p class=\"wp-block-paragraph\">Il Trattamento dei dati avverr\u00e0 anche per le finalit\u00e0 previste dalla normativa vigente in materia di antiriciclaggio.<\/p>\n\n\n\n<h2 class=\"wp-block-heading\">7. Diffusione dei dati. <\/h2>\n\n\n\n<p class=\"wp-block-paragraph\">I dati personali non sono soggetti a diffusione, solo per comunicazioni secondo la legge alle autorit\u00e0.<\/p>\n\n\n\n<h2 class=\"wp-block-heading\">8. Trasferimento dei dati all'estero.<\/h2>\n\n\n\n<p class=\"wp-block-paragraph\">I dati personali possono essere trasferiti verso Paesi dell'Unione Europea e verso Paesi terzi nell'ambito delle finalit\u00e0 di cui al punto 1.<\/p>\n\n\n\n<h2 class=\"wp-block-heading\">9. Diritti dell'interessato.<\/h2>\n\n\n\n<p class=\"wp-block-paragraph\">A norma degli artt. 15 (Diritto di accesso), 16 (Diritto di rettifica), 17 (Diritto alla cancellazione), 18 (Diritto di limitazione di trattamento), 20 (Diritto alla portabilit\u00e0 dei dati) e 21 (Diritto di opposizione) del Regolamento UE 2016\/679, l'interessato pu\u00f2 in ogni momento richiedere l'accesso ai dati personali e la rettifica o la\ncancellazione degli stessi o la limitazione del trattamento che lo riguardano o di opporsi al loro trattamento, oltre al diritto alla portabilit\u00e0 dei dati, inoltrando comunicazione scritta al Titolare del Trattamento.<\/p>\n\n\n\n<p class=\"wp-block-paragraph\">L'interessato pu\u00f2 proporre altres\u00ec reclamo all'Autorit\u00e0 di controllo dello stato in cui risiede o lavora.<\/p>\n\n\n\n<p class=\"wp-block-paragraph\">Si fa presente che anche ai fini della normativa in materia di antiriciclaggio i dati, relativi alle prestazioni rientranti nella predetta disciplina legislativa, verranno in quanto previsto per Legge conservati per dieci anni dall'ultimazione della prestazione.<\/p>\n\n\n\n<h2 class=\"wp-block-heading\">10. Consenso al trattamento dei dati<\/h2>\n\n\n\n<p class=\"wp-block-paragraph\">Ai sensi dell'art. 6, par. 1, lett. a) del Regolamento generale sulla protezione dei dati personali UE n. 2016\/679, con l'apposizione della firma in calce ai presenti moduli manifesta il consenso al trattamento dei dati nell'ambito delle finalit\u00e0 e modalit\u00e0 sopra richiamate nei limiti in cui il consenso della S.V. fosse richiesto per Legge. In\nparticolare esprimo il mio consenso per l'acquisizione dei dati personali; la comunicazione dei dati a terzi cos\u00ec come indicati nella presente informativa. Tale consenso vale fino a revoca scritta da far pervenire tramite raccomandata con ricevuta di ritorno.<\/p>\n\n\n\n<p class=\"wp-block-paragraph\">Per ricevuta comunicazione rilasciato consenso<\/p>","protected":false},"excerpt":{"rendered":"<p>ANNEX 2 &#8211; INFORMATION PURSUANT TO ARTS. 12 AND 13 OF THE GENERAL REGULATION ON&hellip;<\/p>","protected":false},"author":1,"featured_media":0,"parent":0,"menu_order":0,"comment_status":"closed","ping_status":"closed","template":"","meta":{"_joinchat":[],"footnotes":""},"class_list":["post-603","page","type-page","status-publish","hentry"],"_links":{"self":[{"href":"https:\/\/testarentsorrento.it\/it\/wp-json\/wp\/v2\/pages\/603","targetHints":{"allow":["GET"]}}],"collection":[{"href":"https:\/\/testarentsorrento.it\/it\/wp-json\/wp\/v2\/pages"}],"about":[{"href":"https:\/\/testarentsorrento.it\/it\/wp-json\/wp\/v2\/types\/page"}],"author":[{"embeddable":true,"href":"https:\/\/testarentsorrento.it\/it\/wp-json\/wp\/v2\/users\/1"}],"replies":[{"embeddable":true,"href":"https:\/\/testarentsorrento.it\/it\/wp-json\/wp\/v2\/comments?post=603"}],"version-history":[{"count":2,"href":"https:\/\/testarentsorrento.it\/it\/wp-json\/wp\/v2\/pages\/603\/revisions"}],"predecessor-version":[{"id":5404,"href":"https:\/\/testarentsorrento.it\/it\/wp-json\/wp\/v2\/pages\/603\/revisions\/5404"}],"wp:attachment":[{"href":"https:\/\/testarentsorrento.it\/it\/wp-json\/wp\/v2\/media?parent=603"}],"curies":[{"name":"wp","href":"https:\/\/api.w.org\/{rel}","templated":true}]}}